{"id":9782,"date":"2014-07-31T08:56:20","date_gmt":"2014-07-31T06:56:20","guid":{"rendered":"http:\/\/www.handball-kaldenkirchen.de\/wordpress\/?page_id=9782"},"modified":"2026-03-30T17:20:25","modified_gmt":"2026-03-30T15:20:25","slug":"alte-herren","status":"publish","type":"page","link":"http:\/\/www.handball-kaldenkirchen.de\/wordpress\/?page_id=9782","title":{"rendered":"Alte Herren"},"content":{"rendered":"<h4>Mitglieder<\/h4>\n<table width=\"466\">\n<tbody>\n<tr>\n<td width=\"170\">Aarts, Manfred<\/td>\n<td width=\"151\">Hermanns, Norbert<\/td>\n<td width=\"145\">Peeters, Helmut<\/td>\n<\/tr>\n<tr>\n<td>Barth, Michael<\/td>\n<td width=\"151\">Jansen, Hermann<\/td>\n<td width=\"145\">Schmitz, Armin<\/td>\n<\/tr>\n<tr>\n<td width=\"170\">Caelers, Dieter<\/td>\n<td width=\"151\">Jan\u00dfen, Friedbert<\/td>\n<td width=\"145\">Schr\u00f6der, Wolfgang<\/td>\n<\/tr>\n<tr>\n<td width=\"170\">Dahmen, Bernhard<\/td>\n<td width=\"151\">Jan\u00dfen, Heinz<\/td>\n<td width=\"145\">Stiels, Heinz<\/td>\n<\/tr>\n<tr>\n<td width=\"170\">Dickmann, Robert<\/td>\n<td width=\"151\">Jorissen, Herbert<\/td>\n<td width=\"145\">Stumpe, Hans-Georg<\/td>\n<\/tr>\n<tr>\n<td width=\"170\">F\u00e4rvers, Josef<\/td>\n<td width=\"151\">Kolodziej, Helmut<\/td>\n<td width=\"145\">Teubler, Norbert<\/td>\n<\/tr>\n<tr>\n<td width=\"170\">Fischer, Baldur<\/td>\n<td width=\"151\">K\u00fcppers, Hans<\/td>\n<td width=\"145\">Wilms, Herbert<\/td>\n<\/tr>\n<tr>\n<td width=\"170\">Gurrath, Andre<\/td>\n<td width=\"151\">Mattke, Reiner<\/td>\n<td width=\"145\">Withofs, Dieter<\/td>\n<\/tr>\n<tr>\n<td width=\"170\">Hainke, G\u00fcnter<\/td>\n<td width=\"151\">Mertin, Manfred<\/td>\n<td width=\"145\">Zitzen, Horst<\/td>\n<\/tr>\n<tr>\n<td width=\"170\">Herrmann. Jochem<\/td>\n<td width=\"151\">Mertin, Wolfgang<\/td>\n<td width=\"145\">&nbsp;<\/td>\n<\/tr>\n<\/tbody>\n<\/table>\n<table width=\"454\">\n<tbody>\n<tr>\n<td width=\"166\">1.Vorsitzender<\/td>\n<td width=\"147\">G\u00fcnter Hainke<\/td>\n<td width=\"141\">&nbsp;<\/td>\n<\/tr>\n<tr>\n<td width=\"166\">2.Vors. und Kassierer&nbsp;<\/td>\n<td width=\"147\">Heinz Stiels<\/td>\n<td width=\"141\">&nbsp;<\/td>\n<\/tr>\n<tr>\n<td width=\"166\">&nbsp;<\/td>\n<td width=\"147\">&nbsp;<\/td>\n<td width=\"141\">&nbsp;<\/td>\n<\/tr>\n<tr>\n<td width=\"166\">Ehrenmitglied:<\/td>\n<td width=\"147\">Helmut Peeters<\/td>\n<td width=\"141\">&nbsp;<\/td>\n<\/tr>\n<\/tbody>\n<\/table>\n","protected":false},"excerpt":{"rendered":"<p>Mitglieder Aarts, Manfred Hermanns, Norbert Peeters, Helmut Barth, Michael Jansen, Hermann Schmitz, Armin Caelers, Dieter Jan\u00dfen, Friedbert Schr\u00f6der, Wolfgang Dahmen, Bernhard Jan\u00dfen, Heinz Stiels, Heinz Dickmann, Robert Jorissen, Herbert Stumpe, Hans-Georg F\u00e4rvers, Josef Kolodziej, Helmut Teubler, Norbert Fischer, Baldur K\u00fcppers, Hans Wilms, Herbert Gurrath, Andre Mattke, Reiner Withofs, Dieter Hainke, G\u00fcnter Mertin, Manfred Zitzen, Horst [&hellip;]<\/p>\n","protected":false},"author":3,"featured_media":0,"parent":10,"menu_order":2,"comment_status":"closed","ping_status":"closed","template":"","meta":{"ngg_post_thumbnail":0},"_links":{"self":[{"href":"http:\/\/www.handball-kaldenkirchen.de\/wordpress\/index.php?rest_route=\/wp\/v2\/pages\/9782"}],"collection":[{"href":"http:\/\/www.handball-kaldenkirchen.de\/wordpress\/index.php?rest_route=\/wp\/v2\/pages"}],"about":[{"href":"http:\/\/www.handball-kaldenkirchen.de\/wordpress\/index.php?rest_route=\/wp\/v2\/types\/page"}],"author":[{"embeddable":true,"href":"http:\/\/www.handball-kaldenkirchen.de\/wordpress\/index.php?rest_route=\/wp\/v2\/users\/3"}],"replies":[{"embeddable":true,"href":"http:\/\/www.handball-kaldenkirchen.de\/wordpress\/index.php?rest_route=%2Fwp%2Fv2%2Fcomments&post=9782"}],"version-history":[{"count":8,"href":"http:\/\/www.handball-kaldenkirchen.de\/wordpress\/index.php?rest_route=\/wp\/v2\/pages\/9782\/revisions"}],"predecessor-version":[{"id":23576,"href":"http:\/\/www.handball-kaldenkirchen.de\/wordpress\/index.php?rest_route=\/wp\/v2\/pages\/9782\/revisions\/23576"}],"up":[{"embeddable":true,"href":"http:\/\/www.handball-kaldenkirchen.de\/wordpress\/index.php?rest_route=\/wp\/v2\/pages\/10"}],"wp:attachment":[{"href":"http:\/\/www.handball-kaldenkirchen.de\/wordpress\/index.php?rest_route=%2Fwp%2Fv2%2Fmedia&parent=9782"}],"curies":[{"name":"wp","href":"https:\/\/api.w.org\/{rel}","templated":true}]}}